{"id":3393,"date":"2022-11-10T08:48:50","date_gmt":"2022-11-10T07:48:50","guid":{"rendered":"https:\/\/www.oftalica.com\/a-propos-doftalica\/"},"modified":"2024-07-18T16:04:17","modified_gmt":"2024-07-18T14:04:17","slug":"a-propos-doftalica","status":"publish","type":"page","link":"https:\/\/www.oftalica.com\/fr\/a-propos-doftalica\/","title":{"rendered":"\u00c0 PROPOS D\u2019OFT\u00c1LICA"},"content":{"rendered":"\t\t<div data-elementor-type=\"wp-page\" data-elementor-id=\"3393\" class=\"elementor elementor-3393 elementor-8\">\n\t\t\t\t\t\t\t\t\t<section class=\"elementor-section elementor-top-section elementor-element elementor-element-63fec35a elementor-section-boxed elementor-section-height-default elementor-section-height-default\" data-id=\"63fec35a\" data-element_type=\"section\" data-settings=\"{&quot;background_background&quot;:&quot;classic&quot;}\" data-e-bg-lazyload=\".elementor-background-overlay\">\n\t\t\t\t\t\t\t<div class=\"elementor-background-overlay\"><\/div>\n\t\t\t\t\t\t\t<div class=\"elementor-container elementor-column-gap-default\">\n\t\t\t\t\t<div class=\"elementor-column elementor-col-100 elementor-top-column elementor-element elementor-element-317bdb24\" data-id=\"317bdb24\" data-element_type=\"column\">\n\t\t\t<div class=\"elementor-widget-wrap elementor-element-populated\">\n\t\t\t\t\t\t\t\t<div class=\"elementor-element elementor-element-c5a3245 elementor-align-center elementor-invisible elementor-widget elementor-widget-breadcrumbs\" data-id=\"c5a3245\" data-element_type=\"widget\" data-settings=\"{&quot;_animation&quot;:&quot;fadeIn&quot;,&quot;_animation_delay&quot;:100}\" data-widget_type=\"breadcrumbs.default\">\n\t\t\t\t<div class=\"elementor-widget-container\">\n\t\t\t<div><span class=\"last\">Inicio<\/span><\/div>\t\t<\/div>\n\t\t\t\t<\/div>\n\t\t\t\t<div class=\"elementor-element elementor-element-11cf4b46 elementor-invisible elementor-widget elementor-widget-heading\" data-id=\"11cf4b46\" data-element_type=\"widget\" data-settings=\"{&quot;_animation&quot;:&quot;fadeInDown&quot;}\" data-widget_type=\"heading.default\">\n\t\t\t\t<div class=\"elementor-widget-container\">\n\t\t\t<style>\/*! elementor - v3.12.1 - 02-04-2023 *\/\n.elementor-heading-title{padding:0;margin:0;line-height:1}.elementor-widget-heading .elementor-heading-title[class*=elementor-size-]>a{color:inherit;font-size:inherit;line-height:inherit}.elementor-widget-heading .elementor-heading-title.elementor-size-small{font-size:15px}.elementor-widget-heading .elementor-heading-title.elementor-size-medium{font-size:19px}.elementor-widget-heading .elementor-heading-title.elementor-size-large{font-size:29px}.elementor-widget-heading .elementor-heading-title.elementor-size-xl{font-size:39px}.elementor-widget-heading .elementor-heading-title.elementor-size-xxl{font-size:59px}<\/style><h1 class=\"elementor-heading-title elementor-size-default\">\u00c0 PROPOS D\u2019OFT\u00c1LICA<\/h1>\t\t<\/div>\n\t\t\t\t<\/div>\n\t\t\t\t<div class=\"elementor-element elementor-element-07546de elementor-view-default elementor-invisible elementor-widget elementor-widget-icon\" data-id=\"07546de\" data-element_type=\"widget\" data-settings=\"{&quot;_animation&quot;:&quot;fadeInDown&quot;}\" data-widget_type=\"icon.default\">\n\t\t\t\t<div class=\"elementor-widget-container\">\n\t\t\t\t\t<div class=\"elementor-icon-wrapper\">\n\t\t\t<div class=\"elementor-icon\">\n\t\t\t<i aria-hidden=\"true\" class=\" ti-minus\"><\/i>\t\t\t<\/div>\n\t\t<\/div>\n\t\t\t\t<\/div>\n\t\t\t\t<\/div>\n\t\t\t\t\t<\/div>\n\t\t<\/div>\n\t\t\t\t\t\t\t<\/div>\n\t\t<\/section>\n\t\t<div class=\"elementor-element elementor-element-da3ae8a e-con-full e-con\" data-id=\"da3ae8a\" data-element_type=\"container\" data-settings=\"{&quot;content_width&quot;:&quot;full&quot;}\">\n\t\t<div class=\"elementor-element elementor-element-ad15a47 e-con-full elementor-invisible e-con\" data-id=\"ad15a47\" data-element_type=\"container\" data-settings=\"{&quot;content_width&quot;:&quot;full&quot;,&quot;background_background&quot;:&quot;classic&quot;,&quot;animation&quot;:&quot;fadeInLeft&quot;}\">\n\t\t\t\t<div class=\"elementor-element elementor-element-a24cd7e elementor-widget elementor-widget-text-editor\" data-id=\"a24cd7e\" data-element_type=\"widget\" data-widget_type=\"text-editor.default\">\n\t\t\t\t<div class=\"elementor-widget-container\">\n\t\t\t<style>\/*! elementor - v3.12.1 - 02-04-2023 *\/\n.elementor-widget-text-editor.elementor-drop-cap-view-stacked .elementor-drop-cap{background-color:#69727d;color:#fff}.elementor-widget-text-editor.elementor-drop-cap-view-framed .elementor-drop-cap{color:#69727d;border:3px solid;background-color:transparent}.elementor-widget-text-editor:not(.elementor-drop-cap-view-default) .elementor-drop-cap{margin-top:8px}.elementor-widget-text-editor:not(.elementor-drop-cap-view-default) .elementor-drop-cap-letter{width:1em;height:1em}.elementor-widget-text-editor .elementor-drop-cap{float:left;text-align:center;line-height:1;font-size:50px}.elementor-widget-text-editor .elementor-drop-cap-letter{display:inline-block}<\/style>\t\t\t\t<p><strong>Le Dr Enrique Chipont dirige un groupe de professionnels ayant une grande exp\u00e9rience dans le traitement des maladies oculaires des enfants.<\/strong><\/p>\n<p>Nous disposons d&rsquo;une technologie de pointe pour le diagnostic des probl\u00e8mes r\u00e9tiniens associ\u00e9s \u00e0 une vision r\u00e9duite chez l&rsquo;enfant et de lignes de recherche sur l&rsquo;amblyopie et le nystagmus.<\/p>\n<p>Un autre axe de travail important pour Oft\u00e1lica est <b>l&rsquo;\u00e9tude du glaucome.<\/b> La clinique compte d&rsquo;importants ophtalmologistes sp\u00e9cialis\u00e9s dans cette maladie au niveau national:<\/p>\n<ul>\n<li>Dr. Jos\u00e9 Belda.<\/li>\n<li>Dr. Konrad Scharge.<\/li>\n<li>Dra. Pamy Stolik.<\/li>\n<\/ul>\n<p>En outre, <b>nous disposons du seul laser s\u00e9lectif dans le traitement du glaucome<\/b> (SLT) qui permet, dans de nombreux cas, de contr\u00f4ler la tension oculaire tout en abandonnant les m\u00e9dicaments.<\/p>\t\t\t\t\t\t<\/div>\n\t\t\t\t<\/div>\n\t\t\t\t<\/div>\n\t\t<div class=\"elementor-element elementor-element-bc388f9 e-con-full elementor-invisible e-con\" data-id=\"bc388f9\" data-element_type=\"container\" data-settings=\"{&quot;content_width&quot;:&quot;full&quot;,&quot;background_background&quot;:&quot;classic&quot;,&quot;animation&quot;:&quot;fadeInUp&quot;}\" data-e-bg-lazyload=\"\">\n\t\t\t\t<\/div>\n\t\t\t\t<\/div>\n\t\t<div class=\"elementor-element elementor-element-8b8508e e-con-full e-con\" data-id=\"8b8508e\" data-element_type=\"container\" data-settings=\"{&quot;content_width&quot;:&quot;full&quot;}\">\n\t\t<div class=\"elementor-element elementor-element-8fcc405 e-con-full elementor-invisible e-con\" data-id=\"8fcc405\" data-element_type=\"container\" data-settings=\"{&quot;content_width&quot;:&quot;full&quot;,&quot;background_background&quot;:&quot;classic&quot;,&quot;animation&quot;:&quot;fadeInUp&quot;}\" data-e-bg-lazyload=\"\">\n\t\t\t\t<\/div>\n\t\t<div class=\"elementor-element elementor-element-4674d4f e-con-full elementor-invisible e-con\" data-id=\"4674d4f\" data-element_type=\"container\" data-settings=\"{&quot;content_width&quot;:&quot;full&quot;,&quot;background_background&quot;:&quot;classic&quot;,&quot;animation&quot;:&quot;fadeInRight&quot;}\">\n\t\t\t\t<div class=\"elementor-element elementor-element-6d9423c elementor-widget elementor-widget-text-editor\" data-id=\"6d9423c\" data-element_type=\"widget\" data-widget_type=\"text-editor.default\">\n\t\t\t\t<div class=\"elementor-widget-container\">\n\t\t\t\t\t\t\t<div class=\"animated fadeIn responsive1\">\n<p>Nous collaborons au d\u00e9veloppement et \u00e0 la recherche de nouveaux syst\u00e8mes de chirurgie non-perforante pour le glaucome, <b>permettant<\/b> :<\/p>\n<ul>\n<li>Op\u00e9rer sans ouvrir l&rsquo;\u0153il.<\/li>\n<li>Temps de la chirugie r\u00e9duit.<\/li>\n<li>Moins de complications postop\u00e9ratoires.<\/li>\n<\/ul>\n<p><span style=\"color: var( --e-global-color-text ); font-family: var( --e-global-typography-text-font-family ), Sans-serif; font-size: var( --e-global-typography-text-font-size ); font-style: var( --e-global-typography-text-font-style ); font-weight: var( --e-global-typography-text-font-weight ); text-transform: var( --e-global-typography-text-text-transform ); background-color: var( --e-global-color-78b53a2 ); letter-spacing: 0px;\">La section r\u00e9tine est l&rsquo;une des plus compl\u00e8tes en termes de technologie pour la d\u00e9tection pr\u00e9coce des maladies de la r\u00e9tine telles que le diab\u00e8te et la d\u00e9g\u00e9n\u00e9rescence maculaire, avec des syst\u00e8mes de diagnostic qui permettent une exploration sans avoir besoin de dilater la pupille dans la plupart des cas. Le <\/span><span style=\"color: var( --e-global-color-text ); font-family: var( --e-global-typography-text-font-family ), Sans-serif; font-size: var( --e-global-typography-text-font-size ); font-style: var( --e-global-typography-text-font-style ); text-transform: var( --e-global-typography-text-text-transform ); background-color: var( --e-global-color-78b53a2 ); letter-spacing: 0px;\"><b>Dr Javier Placeres<\/b><\/span>, <span style=\"color: var( --e-global-color-text ); font-family: var( --e-global-typography-text-font-family ), Sans-serif; font-size: var( --e-global-typography-text-font-size ); font-style: var( --e-global-typography-text-font-style ); font-weight: var( --e-global-typography-text-font-weight ); text-transform: var( --e-global-typography-text-text-transform ); background-color: var( --e-global-color-78b53a2 ); letter-spacing: 0px;\">r\u00e9tinologue de grande exp\u00e9rience, dispose \u00e0 Oft\u00e1lica<\/span> de <span style=\"color: var( --e-global-color-text ); font-family: var( --e-global-typography-text-font-family ), Sans-serif; font-size: var( --e-global-typography-text-font-size ); font-style: var( --e-global-typography-text-font-style ); text-transform: var( --e-global-typography-text-text-transform ); background-color: var( --e-global-color-78b53a2 ); letter-spacing: 0px;\"><b>syst\u00e8mes de r\u00e9tinographie num\u00e9rique \u00e0 360\u00ba<\/b><\/span> et de <span style=\"color: var( --e-global-color-text ); font-family: var( --e-global-typography-text-font-family ), Sans-serif; font-size: var( --e-global-typography-text-font-size ); font-style: var( --e-global-typography-text-font-style ); font-weight: var( --e-global-typography-text-font-weight ); text-transform: var( --e-global-typography-text-text-transform ); background-color: var( --e-global-color-78b53a2 ); letter-spacing: 0px;\">microscopie ultrasonique de la r\u00e9tine.<\/span><\/p>\n<\/div>\n\t\t\t\t\t\t<\/div>\n\t\t\t\t<\/div>\n\t\t\t\t<\/div>\n\t\t\t\t<\/div>\n\t\t<div class=\"elementor-element elementor-element-808ce2e e-con-boxed e-con\" data-id=\"808ce2e\" data-element_type=\"container\" data-settings=\"{&quot;content_width&quot;:&quot;boxed&quot;}\">\n\t\t\t\t\t<div class=\"e-con-inner\">\n\t\t\t\t<div class=\"elementor-element elementor-element-42a5507 elementor-invisible elementor-widget elementor-widget-heading\" data-id=\"42a5507\" data-element_type=\"widget\" data-settings=\"{&quot;_animation&quot;:&quot;fadeInDown&quot;}\" data-widget_type=\"heading.default\">\n\t\t\t\t<div class=\"elementor-widget-container\">\n\t\t\t<h2 class=\"elementor-heading-title elementor-size-default\">Nous faisons la diff\u00e9rence<\/h2>\t\t<\/div>\n\t\t\t\t<\/div>\n\t\t\t\t\t<\/div>\n\t\t\t\t<\/div>\n\t\t<div class=\"elementor-element elementor-element-71c5f33 e-con-boxed e-con\" data-id=\"71c5f33\" data-element_type=\"container\" data-settings=\"{&quot;content_width&quot;:&quot;boxed&quot;}\">\n\t\t\t\t\t<div class=\"e-con-inner\">\n\t\t<div class=\"elementor-element elementor-element-ea98672 e-con-full elementor-invisible e-con\" data-id=\"ea98672\" data-element_type=\"container\" data-settings=\"{&quot;background_background&quot;:&quot;classic&quot;,&quot;animation&quot;:&quot;fadeInLeft&quot;,&quot;content_width&quot;:&quot;full&quot;}\">\n\t\t\t\t<div class=\"elementor-element elementor-element-a4c0dc1 elementor-widget__width-initial elementor-invisible elementor-widget elementor-widget-heading\" data-id=\"a4c0dc1\" data-element_type=\"widget\" data-settings=\"{&quot;_animation&quot;:&quot;zoomIn&quot;,&quot;_animation_delay&quot;:400}\" data-widget_type=\"heading.default\">\n\t\t\t\t<div class=\"elementor-widget-container\">\n\t\t\t<h4 class=\"elementor-heading-title elementor-size-default\">01<\/h4>\t\t<\/div>\n\t\t\t\t<\/div>\n\t\t\t\t<div class=\"elementor-element elementor-element-6eb7ef7 elementor-widget elementor-widget-heading\" data-id=\"6eb7ef7\" data-element_type=\"widget\" data-widget_type=\"heading.default\">\n\t\t\t\t<div class=\"elementor-widget-container\">\n\t\t\t<h5 class=\"elementor-heading-title elementor-size-default\">Soins personnalis\u00e9s et professionnels<\/h5>\t\t<\/div>\n\t\t\t\t<\/div>\n\t\t\t\t<div class=\"elementor-element elementor-element-d93e3dd elementor-widget elementor-widget-text-editor\" data-id=\"d93e3dd\" data-element_type=\"widget\" data-widget_type=\"text-editor.default\">\n\t\t\t\t<div class=\"elementor-widget-container\">\n\t\t\t\t\t\t\t<p>Des soins personnalis\u00e9s et de qualit\u00e9 pour chacun de nos patients et leurs familles. Nous disposons d&rsquo;un espace pour les enfants, d&rsquo;une grande salle d&rsquo;attente avec du mat\u00e9riel audiovisuel et d&rsquo;un espace wi-fi. <\/p>\n<p>En outre, nous disposons d&rsquo;une \u00e9quipe d&rsquo;anesth\u00e9sistes professionnels d&rsquo;ALANEST, S.L.P.<\/p>\n\t\t\t\t\t\t<\/div>\n\t\t\t\t<\/div>\n\t\t\t\t<\/div>\n\t\t<div class=\"elementor-element elementor-element-2c23f4f e-con-full elementor-invisible e-con\" data-id=\"2c23f4f\" data-element_type=\"container\" data-settings=\"{&quot;background_background&quot;:&quot;classic&quot;,&quot;animation&quot;:&quot;fadeInUp&quot;,&quot;content_width&quot;:&quot;full&quot;}\">\n\t\t\t\t<div class=\"elementor-element elementor-element-700f9a5 elementor-widget__width-initial elementor-invisible elementor-widget elementor-widget-heading\" data-id=\"700f9a5\" data-element_type=\"widget\" data-settings=\"{&quot;_animation&quot;:&quot;zoomIn&quot;,&quot;_animation_delay&quot;:400}\" data-widget_type=\"heading.default\">\n\t\t\t\t<div class=\"elementor-widget-container\">\n\t\t\t<h4 class=\"elementor-heading-title elementor-size-default\">02<\/h4>\t\t<\/div>\n\t\t\t\t<\/div>\n\t\t\t\t<div class=\"elementor-element elementor-element-c4d7604 elementor-widget elementor-widget-heading\" data-id=\"c4d7604\" data-element_type=\"widget\" data-widget_type=\"heading.default\">\n\t\t\t\t<div class=\"elementor-widget-container\">\n\t\t\t<h5 class=\"elementor-heading-title elementor-size-default\">Strabisme<\/h5>\t\t<\/div>\n\t\t\t\t<\/div>\n\t\t\t\t<div class=\"elementor-element elementor-element-2bf18d2 elementor-widget elementor-widget-text-editor\" data-id=\"2bf18d2\" data-element_type=\"widget\" data-widget_type=\"text-editor.default\">\n\t\t\t\t<div class=\"elementor-widget-container\">\n\t\t\t\t\t\t\t<p>Des professionnels ayant plus de 20 ans d&rsquo;exp\u00e9rience dans le traitement et le diagnostic des maladies oculaires p\u00e9diatriques d\u00e8s la naissance. \u00c9chographie et diagnostic \u00e9lectrophysiologique, \u00e9quipement portable, tonom\u00e8tre, microscopes, r\u00e9tinoscope, pour l&rsquo;examen des enfants.<\/p>\n\t\t\t\t\t\t<\/div>\n\t\t\t\t<\/div>\n\t\t\t\t<\/div>\n\t\t<div class=\"elementor-element elementor-element-8a070aa e-con-full elementor-invisible e-con\" data-id=\"8a070aa\" data-element_type=\"container\" data-settings=\"{&quot;background_background&quot;:&quot;classic&quot;,&quot;animation&quot;:&quot;fadeInRight&quot;,&quot;content_width&quot;:&quot;full&quot;}\">\n\t\t\t\t<div class=\"elementor-element elementor-element-d2cca4c elementor-widget__width-initial elementor-invisible elementor-widget elementor-widget-heading\" data-id=\"d2cca4c\" data-element_type=\"widget\" data-settings=\"{&quot;_animation&quot;:&quot;zoomIn&quot;,&quot;_animation_delay&quot;:400}\" data-widget_type=\"heading.default\">\n\t\t\t\t<div class=\"elementor-widget-container\">\n\t\t\t<h4 class=\"elementor-heading-title elementor-size-default\">03<\/h4>\t\t<\/div>\n\t\t\t\t<\/div>\n\t\t\t\t<div class=\"elementor-element elementor-element-5da6c79 elementor-widget elementor-widget-heading\" data-id=\"5da6c79\" data-element_type=\"widget\" data-widget_type=\"heading.default\">\n\t\t\t\t<div class=\"elementor-widget-container\">\n\t\t\t<h5 class=\"elementor-heading-title elementor-size-default\">R\u00e9tine<\/h5>\t\t<\/div>\n\t\t\t\t<\/div>\n\t\t\t\t<div class=\"elementor-element elementor-element-704e2f0 elementor-widget elementor-widget-text-editor\" data-id=\"704e2f0\" data-element_type=\"widget\" data-widget_type=\"text-editor.default\">\n\t\t\t\t<div class=\"elementor-widget-container\">\n\t\t\t\t\t\t\t<p>La section r\u00e9tine dispose de la technologie la plus sophistiqu\u00e9e pour l&rsquo;\u00e9tude des maladies r\u00e9tiniennes p\u00e9riph\u00e9riques. La technologie \u00ab\u00a0OPTOMAP\u00a0\u00bb, unique dans la province, permet l&rsquo;\u00e9tude de 360\u00ba de la r\u00e9tine, m\u00eame sans dilater la pupille.<\/p>\n\t\t\t\t\t\t<\/div>\n\t\t\t\t<\/div>\n\t\t\t\t<\/div>\n\t\t\t\t\t<\/div>\n\t\t\t\t<\/div>\n\t\t<div class=\"elementor-element elementor-element-da2ce4b e-con-boxed e-con\" data-id=\"da2ce4b\" data-element_type=\"container\" data-settings=\"{&quot;content_width&quot;:&quot;boxed&quot;}\">\n\t\t\t\t\t<div class=\"e-con-inner\">\n\t\t<div class=\"elementor-element elementor-element-8bee453 e-con-full elementor-invisible e-con\" data-id=\"8bee453\" data-element_type=\"container\" data-settings=\"{&quot;background_background&quot;:&quot;classic&quot;,&quot;animation&quot;:&quot;fadeInLeft&quot;,&quot;content_width&quot;:&quot;full&quot;}\">\n\t\t\t\t<div class=\"elementor-element elementor-element-4ea4fc6 elementor-widget__width-initial elementor-invisible elementor-widget elementor-widget-heading\" data-id=\"4ea4fc6\" data-element_type=\"widget\" data-settings=\"{&quot;_animation&quot;:&quot;zoomIn&quot;,&quot;_animation_delay&quot;:400}\" data-widget_type=\"heading.default\">\n\t\t\t\t<div class=\"elementor-widget-container\">\n\t\t\t<h4 class=\"elementor-heading-title elementor-size-default\">04<\/h4>\t\t<\/div>\n\t\t\t\t<\/div>\n\t\t\t\t<div class=\"elementor-element elementor-element-62e518f elementor-widget elementor-widget-heading\" data-id=\"62e518f\" data-element_type=\"widget\" data-widget_type=\"heading.default\">\n\t\t\t\t<div class=\"elementor-widget-container\">\n\t\t\t<h5 class=\"elementor-heading-title elementor-size-default\">Glaucome<\/h5>\t\t<\/div>\n\t\t\t\t<\/div>\n\t\t\t\t<div class=\"elementor-element elementor-element-cd15f2e elementor-widget elementor-widget-text-editor\" data-id=\"cd15f2e\" data-element_type=\"widget\" data-widget_type=\"text-editor.default\">\n\t\t\t\t<div class=\"elementor-widget-container\">\n\t\t\t\t\t\t\t<p>Nous disposons actuellement du seul laser SLT pour le traitement du glaucome sans chirurgie. Ce traitement permet de r\u00e9duire la pression intraoculaire de 5 \u00e0 10 millim\u00e8tres de mercure en l&rsquo;espace de 10 minutes dans le cabinet du m\u00e9decin.<\/p>\n\t\t\t\t\t\t<\/div>\n\t\t\t\t<\/div>\n\t\t\t\t<\/div>\n\t\t<div class=\"elementor-element elementor-element-e717e40 e-con-full elementor-invisible e-con\" data-id=\"e717e40\" data-element_type=\"container\" data-settings=\"{&quot;background_background&quot;:&quot;classic&quot;,&quot;animation&quot;:&quot;fadeInUp&quot;,&quot;content_width&quot;:&quot;full&quot;}\">\n\t\t\t\t<div class=\"elementor-element elementor-element-8f4cff5 elementor-widget__width-initial elementor-invisible elementor-widget elementor-widget-heading\" data-id=\"8f4cff5\" data-element_type=\"widget\" data-settings=\"{&quot;_animation&quot;:&quot;zoomIn&quot;,&quot;_animation_delay&quot;:400}\" data-widget_type=\"heading.default\">\n\t\t\t\t<div class=\"elementor-widget-container\">\n\t\t\t<h4 class=\"elementor-heading-title elementor-size-default\">05<\/h4>\t\t<\/div>\n\t\t\t\t<\/div>\n\t\t\t\t<div class=\"elementor-element elementor-element-7d48264 elementor-widget elementor-widget-heading\" data-id=\"7d48264\" data-element_type=\"widget\" data-widget_type=\"heading.default\">\n\t\t\t\t<div class=\"elementor-widget-container\">\n\t\t\t<h5 class=\"elementor-heading-title elementor-size-default\">Chirurgie plastie<\/h5>\t\t<\/div>\n\t\t\t\t<\/div>\n\t\t\t\t<div class=\"elementor-element elementor-element-4066c46 elementor-widget elementor-widget-text-editor\" data-id=\"4066c46\" data-element_type=\"widget\" data-widget_type=\"text-editor.default\">\n\t\t\t\t<div class=\"elementor-widget-container\">\n\t\t\t\t\t\t\t<p>Canaux lacrymaux: nous disposons de la technologie laser pour la reconstruction du canal lacrymal par voie interne (sans incision de la peau) en cas de larmoiement constant. Cette technique nous permet de d\u00e9bloquer le canal lacrymal avec un traumatisme chirurgical minimal et une r\u00e9cup\u00e9ration plus rapide.<\/p>\n\t\t\t\t\t\t<\/div>\n\t\t\t\t<\/div>\n\t\t\t\t<\/div>\n\t\t<div class=\"elementor-element elementor-element-a09c386 e-con-full elementor-invisible e-con\" data-id=\"a09c386\" data-element_type=\"container\" data-settings=\"{&quot;background_background&quot;:&quot;classic&quot;,&quot;animation&quot;:&quot;fadeInRight&quot;,&quot;content_width&quot;:&quot;full&quot;}\">\n\t\t\t\t<div class=\"elementor-element elementor-element-a93e589 elementor-widget__width-initial elementor-invisible elementor-widget elementor-widget-heading\" data-id=\"a93e589\" data-element_type=\"widget\" data-settings=\"{&quot;_animation&quot;:&quot;zoomIn&quot;,&quot;_animation_delay&quot;:400}\" data-widget_type=\"heading.default\">\n\t\t\t\t<div class=\"elementor-widget-container\">\n\t\t\t<h4 class=\"elementor-heading-title elementor-size-default\">06<\/h4>\t\t<\/div>\n\t\t\t\t<\/div>\n\t\t\t\t<div class=\"elementor-element elementor-element-4146456 elementor-widget elementor-widget-heading\" data-id=\"4146456\" data-element_type=\"widget\" data-widget_type=\"heading.default\">\n\t\t\t\t<div class=\"elementor-widget-container\">\n\t\t\t<h5 class=\"elementor-heading-title elementor-size-default\">Chirurgie r\u00e9fractive<\/h5>\t\t<\/div>\n\t\t\t\t<\/div>\n\t\t\t\t<div class=\"elementor-element elementor-element-cf4b83f elementor-widget elementor-widget-text-editor\" data-id=\"cf4b83f\" data-element_type=\"widget\" data-widget_type=\"text-editor.default\">\n\t\t\t\t<div class=\"elementor-widget-container\">\n\t\t\t\t\t\t\t<p>La myopie, l&rsquo;hyperm\u00e9tropie et l&rsquo;astigmatisme peuvent \u00eatre trait\u00e9s exclusivement par chirurgie laser, avec un risque minimal et une r\u00e9cup\u00e9ration rapide. Pour cela, il est essentiel d&rsquo;\u00e9valuer l&rsquo;\u00e9tat et la prescription de la corn\u00e9e du patient en utilisant la technologie sp\u00e9cifique de la surface corn\u00e9enne et de l&rsquo;endoth\u00e9lium.<\/p>\n\t\t\t\t\t\t<\/div>\n\t\t\t\t<\/div>\n\t\t\t\t<\/div>\n\t\t\t\t\t<\/div>\n\t\t\t\t<\/div>\n\t\t<div class=\"elementor-element elementor-element-c2ac375 e-con-boxed e-con\" data-id=\"c2ac375\" data-element_type=\"container\" data-settings=\"{&quot;content_width&quot;:&quot;boxed&quot;}\">\n\t\t\t\t\t<div class=\"e-con-inner\">\n\t\t\t\t<div class=\"elementor-element elementor-element-249467e elementor-invisible elementor-widget elementor-widget-heading\" data-id=\"249467e\" data-element_type=\"widget\" data-settings=\"{&quot;_animation&quot;:&quot;fadeInDown&quot;}\" data-widget_type=\"heading.default\">\n\t\t\t\t<div class=\"elementor-widget-container\">\n\t\t\t<h2 class=\"elementor-heading-title elementor-size-default\">Pourquoi choisir <span style=\"color: #70b001\">Oft\u00e1lica<\/span><\/h2>\t\t<\/div>\n\t\t\t\t<\/div>\n\t\t\t\t\t<\/div>\n\t\t\t\t<\/div>\n\t\t<div class=\"elementor-element elementor-element-025f67e e-con-boxed e-con\" data-id=\"025f67e\" data-element_type=\"container\" data-settings=\"{&quot;content_width&quot;:&quot;boxed&quot;}\">\n\t\t\t\t\t<div class=\"e-con-inner\">\n\t\t\t\t<div class=\"elementor-element elementor-element-c1542df elementor-invisible elementor-widget elementor-widget-accordion\" data-id=\"c1542df\" data-element_type=\"widget\" data-settings=\"{&quot;_animation&quot;:&quot;fadeInUp&quot;}\" data-widget_type=\"accordion.default\">\n\t\t\t\t<div class=\"elementor-widget-container\">\n\t\t\t<style>.elementor-accordion{text-align:left}.elementor-accordion .elementor-accordion-item{border:1px solid #d5d8dc}.elementor-accordion .elementor-accordion-item+.elementor-accordion-item{border-top:none}.elementor-accordion .elementor-tab-title{margin:0;padding:15px 20px;font-weight:700;line-height:1;cursor:pointer;outline:none}.elementor-accordion .elementor-tab-title .elementor-accordion-icon{display:inline-block;width:1.5em}.elementor-accordion .elementor-tab-title .elementor-accordion-icon svg{width:1em;height:1em}.elementor-accordion .elementor-tab-title .elementor-accordion-icon.elementor-accordion-icon-right{float:right;text-align:right}.elementor-accordion .elementor-tab-title .elementor-accordion-icon.elementor-accordion-icon-left{float:left;text-align:left}.elementor-accordion .elementor-tab-title .elementor-accordion-icon .elementor-accordion-icon-closed{display:block}.elementor-accordion .elementor-tab-title .elementor-accordion-icon .elementor-accordion-icon-opened,.elementor-accordion .elementor-tab-title.elementor-active .elementor-accordion-icon-closed{display:none}.elementor-accordion .elementor-tab-title.elementor-active .elementor-accordion-icon-opened{display:block}.elementor-accordion .elementor-tab-content{display:none;padding:15px 20px;border-top:1px solid #d5d8dc}@media (max-width:767px){.elementor-accordion .elementor-tab-title{padding:12px 15px}.elementor-accordion .elementor-tab-title .elementor-accordion-icon{width:1.2em}.elementor-accordion .elementor-tab-content{padding:7px 15px}}.e-con-inner>.elementor-widget-accordion,.e-con>.elementor-widget-accordion{width:var(--container-widget-width);--flex-grow:var(--container-widget-flex-grow)}<\/style>\t\t<div class=\"elementor-accordion\" role=\"tablist\">\n\t\t\t\t\t\t\t<div class=\"elementor-accordion-item\">\n\t\t\t\t\t<h3 id=\"elementor-tab-title-2021\" class=\"elementor-tab-title\" data-tab=\"1\" role=\"tab\" aria-controls=\"elementor-tab-content-2021\" aria-expanded=\"false\">\n\t\t\t\t\t\t\t\t\t\t\t\t\t<span class=\"elementor-accordion-icon elementor-accordion-icon-left\" aria-hidden=\"true\">\n\t\t\t\t\t\t\t\t\t\t\t\t\t\t\t<span class=\"elementor-accordion-icon-closed\"><i class=\" icon_plus\"><\/i><\/span>\n\t\t\t\t\t\t\t\t<span class=\"elementor-accordion-icon-opened\"><i class=\" icon_minus-06\"><\/i><\/span>\n\t\t\t\t\t\t\t\t\t\t\t\t\t\t<\/span>\n\t\t\t\t\t\t\t\t\t\t\t\t<a class=\"elementor-accordion-title\" href=\"\">Parce que nous sommes fiables<\/a>\n\t\t\t\t\t<\/h3>\n\t\t\t\t\t<div id=\"elementor-tab-content-2021\" class=\"elementor-tab-content elementor-clearfix\" data-tab=\"1\" role=\"tabpanel\" aria-labelledby=\"elementor-tab-title-2021\"><p><strong>Oft\u00e1lica est un centre de soins ophtalmologiques<\/strong> de la plus haute qualit\u00e9, avec des professionnels excellents et exp\u00e9riment\u00e9s, au prestige national et international reconnu, et un niveau technologique exceptionnel. La recherche de l&rsquo;excellence dans chacune de nos comp\u00e9tences nous a permis d\u2019accomplir le grand objectif qui nous anime, qui n&rsquo;est autre que l&rsquo;am\u00e9lioration de la qualit\u00e9 visuelle de chaque patient que nous traitons. C&rsquo;est pourquoi la satisfaction des milliers de personnes qui sont pass\u00e9es par notre \u00e9tabilissement est notre meilleure garantie.<\/p>\n<\/div>\n\t\t\t\t<\/div>\n\t\t\t\t\t\t\t<div class=\"elementor-accordion-item\">\n\t\t\t\t\t<h3 id=\"elementor-tab-title-2022\" class=\"elementor-tab-title\" data-tab=\"2\" role=\"tab\" aria-controls=\"elementor-tab-content-2022\" aria-expanded=\"false\">\n\t\t\t\t\t\t\t\t\t\t\t\t\t<span class=\"elementor-accordion-icon elementor-accordion-icon-left\" aria-hidden=\"true\">\n\t\t\t\t\t\t\t\t\t\t\t\t\t\t\t<span class=\"elementor-accordion-icon-closed\"><i class=\" icon_plus\"><\/i><\/span>\n\t\t\t\t\t\t\t\t<span class=\"elementor-accordion-icon-opened\"><i class=\" icon_minus-06\"><\/i><\/span>\n\t\t\t\t\t\t\t\t\t\t\t\t\t\t<\/span>\n\t\t\t\t\t\t\t\t\t\t\t\t<a class=\"elementor-accordion-title\" href=\"\">Parce que notre \u00e9quipe m\u00e9dical est l'un des meilleurs d'Espagne.<\/a>\n\t\t\t\t\t<\/h3>\n\t\t\t\t\t<div id=\"elementor-tab-content-2022\" class=\"elementor-tab-content elementor-clearfix\" data-tab=\"2\" role=\"tabpanel\" aria-labelledby=\"elementor-tab-title-2022\"><p>Depuis le debut de la cr\u00e9ation de notre clinique, nous affirmons que les meilleurs soins ne peuvent \u00eatre fournis que par les professionnels les plus remarquables dans chaque sp\u00e9cialit\u00e9. C&rsquo;est pourquoi notre projet m\u00e9dical \u00e9tait de joindre tout les sp\u00e9cialistes du plus haut niveau national et international, jusqu&rsquo;\u00e0 constituer aujourd&rsquo;hui une v\u00e9ritable \u00e9quipe de r\u00eave dans le domaine de l&rsquo;ophtalmologie. Une \u00e9quipe qui est \u00e9galement consid\u00e9r\u00e9e par la <b>communaut\u00e9 m\u00e9dicale comme l&rsquo;une des plus influentes,<\/b> gr\u00e2ce \u00e0 son travail de recherche continu et au enrechissement constant des connaissances. Et alors que d&rsquo;autres cliniques utilisent le nom d&rsquo;un m\u00e9decin \u00ab\u00a0vedette\u00a0\u00bb ou des installations somptueuses, chez Oft\u00e1lica nous pr\u00e9f\u00e9rons opter pour la simplicit\u00e9, la rigueur professionnelle et un traitement humain. Ce sont nos valeurs. Car pour nous, l&rsquo;ophtalmologie est une vocation, plut\u00f4t qu&rsquo;un commerce.<\/p>\n<\/div>\n\t\t\t\t<\/div>\n\t\t\t\t\t\t\t<div class=\"elementor-accordion-item\">\n\t\t\t\t\t<h3 id=\"elementor-tab-title-2023\" class=\"elementor-tab-title\" data-tab=\"3\" role=\"tab\" aria-controls=\"elementor-tab-content-2023\" aria-expanded=\"false\">\n\t\t\t\t\t\t\t\t\t\t\t\t\t<span class=\"elementor-accordion-icon elementor-accordion-icon-left\" aria-hidden=\"true\">\n\t\t\t\t\t\t\t\t\t\t\t\t\t\t\t<span class=\"elementor-accordion-icon-closed\"><i class=\" icon_plus\"><\/i><\/span>\n\t\t\t\t\t\t\t\t<span class=\"elementor-accordion-icon-opened\"><i class=\" icon_minus-06\"><\/i><\/span>\n\t\t\t\t\t\t\t\t\t\t\t\t\t\t<\/span>\n\t\t\t\t\t\t\t\t\t\t\t\t<a class=\"elementor-accordion-title\" href=\"\">Parce que nous ne traitons pas avec des clients, mais avec des personnes.<\/a>\n\t\t\t\t\t<\/h3>\n\t\t\t\t\t<div id=\"elementor-tab-content-2023\" class=\"elementor-tab-content elementor-clearfix\" data-tab=\"3\" role=\"tabpanel\" aria-labelledby=\"elementor-tab-title-2023\"><p>Chez Oft\u00e1lica, nous pensons que la pratique de la m\u00e9decine n&rsquo;a rien \u00e0 voir avec une cha\u00eene de montage. <b>Nous sommes une clinique de taille moyenne, pas une grande entreprise ni une franchise.<\/b> Cela nous permet, entre autres, de d\u00e9signer la plupart de nos patients par leur pr\u00e9nom et non par un num\u00e9ro de dossier. Plus important encore, cela nous donne la possibilit\u00e9 d&rsquo;accorder \u00e0 chaque personne le temps et l&rsquo;attention dont elle a besoin, afin de comprendre r\u00e9ellement son probl\u00e8me et de s&rsquo;adapter \u00e0 ses besoins r\u00e9els, non seulement sur le plan m\u00e9dical, mais aussi sur le plan personnel, et m\u00eame financier, gr\u00e2ce \u00e0 nos canaux de financement personnalis\u00e9s. Ce n&rsquo;est que de cette mani\u00e8re que nous avons pu offrir des soins complets et individualis\u00e9s, fond\u00e9s sur une \u00e9coute active et le plus grand respect des valeurs humaines et des droits des patients. Et parce que nous voulons que tous ceux qui nous rendent visite se sentent comme chez eux, nous disposons d&rsquo;un espace pour les enfants, d&rsquo;une grande salle d&rsquo;attente avec audiovisuels et d&rsquo;une zone wi-fi. Et, bien s\u00fbr, le meilleur de nos sourires.<\/p>\n<\/div>\n\t\t\t\t<\/div>\n\t\t\t\t\t\t\t<div class=\"elementor-accordion-item\">\n\t\t\t\t\t<h3 id=\"elementor-tab-title-2024\" class=\"elementor-tab-title\" data-tab=\"4\" role=\"tab\" aria-controls=\"elementor-tab-content-2024\" aria-expanded=\"false\">\n\t\t\t\t\t\t\t\t\t\t\t\t\t<span class=\"elementor-accordion-icon elementor-accordion-icon-left\" aria-hidden=\"true\">\n\t\t\t\t\t\t\t\t\t\t\t\t\t\t\t<span class=\"elementor-accordion-icon-closed\"><i class=\" icon_plus\"><\/i><\/span>\n\t\t\t\t\t\t\t\t<span class=\"elementor-accordion-icon-opened\"><i class=\" icon_minus-06\"><\/i><\/span>\n\t\t\t\t\t\t\t\t\t\t\t\t\t\t<\/span>\n\t\t\t\t\t\t\t\t\t\t\t\t<a class=\"elementor-accordion-title\" href=\"\">Parce que nos prix sont \u00e0 la hauteur de nos services.<\/a>\n\t\t\t\t\t<\/h3>\n\t\t\t\t\t<div id=\"elementor-tab-content-2024\" class=\"elementor-tab-content elementor-clearfix\" data-tab=\"4\" role=\"tabpanel\" aria-labelledby=\"elementor-tab-title-2024\"><p>Chez Oft\u00e1lica, nous pensons que les bonnes affaires sont pour les supermarch\u00e9s et les grands magasins, pas pour les cliniques C&rsquo;est pourquoi <b>tous nos efforts visent \u00e0 am\u00e9liorer les services m\u00e9dicaux<\/b> et de soins de sant\u00e9 que nous fournissons chaque jour, et non \u00e0 essayer de r\u00e9duire les co\u00fbts en supprimant des services Gr\u00e2ce \u00e0 cette philosophie, nous pouvons affirmer que nos prix correspondent exactement \u00e0 la qualit\u00e9 de ce que nous offrons, ni plus ni moins. Parce que parfois, le bon march\u00e9 peut co\u00fbter tr\u00e8s cher, et la sant\u00e9 ne donne pas toujours de seconde chance.<\/p>\n<\/div>\n\t\t\t\t<\/div>\n\t\t\t\t\t\t\t<div class=\"elementor-accordion-item\">\n\t\t\t\t\t<h3 id=\"elementor-tab-title-2025\" class=\"elementor-tab-title\" data-tab=\"5\" role=\"tab\" aria-controls=\"elementor-tab-content-2025\" aria-expanded=\"false\">\n\t\t\t\t\t\t\t\t\t\t\t\t\t<span class=\"elementor-accordion-icon elementor-accordion-icon-left\" aria-hidden=\"true\">\n\t\t\t\t\t\t\t\t\t\t\t\t\t\t\t<span class=\"elementor-accordion-icon-closed\"><i class=\" icon_plus\"><\/i><\/span>\n\t\t\t\t\t\t\t\t<span class=\"elementor-accordion-icon-opened\"><i class=\" icon_minus-06\"><\/i><\/span>\n\t\t\t\t\t\t\t\t\t\t\t\t\t\t<\/span>\n\t\t\t\t\t\t\t\t\t\t\t\t<a class=\"elementor-accordion-title\" href=\"\">Parce que nous disposons des derni\u00e8res technologies<\/a>\n\t\t\t\t\t<\/h3>\n\t\t\t\t\t<div id=\"elementor-tab-content-2025\" class=\"elementor-tab-content elementor-clearfix\" data-tab=\"5\" role=\"tabpanel\" aria-labelledby=\"elementor-tab-title-2025\"><p>Combien de fois avons-nous entendu l&rsquo;expression \u00ab\u00a0tout va si vite maintenant\u00a0\u00bb? Chez Oft\u00e1lica, nous sommes conscients que cette \u00e9poque exige un effort permanent d&rsquo;adaptation, non seulement en termes de formation continue de notre personnel, mais aussi en termes de renouvellement constant des \u00e9quipements m\u00e9dicaux avec lesquels nous travaillons. Nous <b>nous effor\u00e7ons constamment d&rsquo;investir dans les derni\u00e8res technologies dont tr\u00e8s peu de cliniques en Espagne<\/b> peuvent se vanter. La preuve en est que nous offrons \u00e0 nos patients, parmi beaucoup d&rsquo;autres, Topographie, Endoth\u00e9lial, GDX, Biom\u00e9trie, unique dans la province d&rsquo;Alicante. Telle a \u00e9t\u00e9 notre philosophie jusqu&rsquo;\u00e0 pr\u00e9sent et continuera de l&rsquo;\u00eatre \u00e0 l&rsquo;avenir. Parce que chez Oft\u00e1lica, nous pensons que c&rsquo;est seulement en \u00e9tant \u00e0 jour que nous pouvons \u00eatre les premiers \u00e0 prendre soin de vos yeux.<\/p>\n<\/div>\n\t\t\t\t<\/div>\n\t\t\t\t\t\t\t<div class=\"elementor-accordion-item\">\n\t\t\t\t\t<h3 id=\"elementor-tab-title-2026\" class=\"elementor-tab-title\" data-tab=\"6\" role=\"tab\" aria-controls=\"elementor-tab-content-2026\" aria-expanded=\"false\">\n\t\t\t\t\t\t\t\t\t\t\t\t\t<span class=\"elementor-accordion-icon elementor-accordion-icon-left\" aria-hidden=\"true\">\n\t\t\t\t\t\t\t\t\t\t\t\t\t\t\t<span class=\"elementor-accordion-icon-closed\"><i class=\" icon_plus\"><\/i><\/span>\n\t\t\t\t\t\t\t\t<span class=\"elementor-accordion-icon-opened\"><i class=\" icon_minus-06\"><\/i><\/span>\n\t\t\t\t\t\t\t\t\t\t\t\t\t\t<\/span>\n\t\t\t\t\t\t\t\t\t\t\t\t<a class=\"elementor-accordion-title\" href=\"\">Pourquoi Oft\u00e1lica fait la diff\u00e9rence<\/a>\n\t\t\t\t\t<\/h3>\n\t\t\t\t\t<div id=\"elementor-tab-content-2026\" class=\"elementor-tab-content elementor-clearfix\" data-tab=\"6\" role=\"tabpanel\" aria-labelledby=\"elementor-tab-title-2026\"><p>\u00c0 ce stade, nous pensons avoir r\u00e9pondu \u00e0 certaines des questions que nous nous posons tous avant de choisir une clinique d&rsquo;ophtalmologie. Et le fait est que, au-del\u00e0 des similitudes logiques, il existe de nombreuses fa\u00e7ons de pratiquer la m\u00e9decine. La n\u00f4tre, comme nous l&rsquo;avons d\u00e9j\u00e0 dit, a pour principal objectif d&rsquo;offrir \u00e0 chaque patient le maximum de garanties dans la solution de son probl\u00e8me. Et pour cela, nous nous appuyons sur trois piliers fondamentaux : <b>une \u00e9quipe de professionnels du plus haut niveau, une attention personnalis\u00e9e au maximum et un engagement permanent envers la technologie<\/b> de derni\u00e8re g\u00e9n\u00e9ration. Gr\u00e2ce \u00e0 cela, nous pouvons dire que nous sommes diff\u00e9rents des autres. Parce qu&rsquo;Oft\u00e1lica fait vraiment la diff\u00e9rence.<span id=\"dx_temp_1465901971857_22\"><\/span><span id=\"dx_temp_1465901971857_23\"><\/span><\/p>\n<\/div>\n\t\t\t\t<\/div>\n\t\t\t\t\t\t\t\t\t\t<script type=\"application\/ld+json\">{\"@context\":\"https:\\\/\\\/schema.org\",\"@type\":\"FAQPage\",\"mainEntity\":[{\"@type\":\"Question\",\"name\":\"Parce que nous sommes fiables\",\"acceptedAnswer\":{\"@type\":\"Answer\",\"text\":\"<p><strong>Oft\\u00e1lica est un centre de soins ophtalmologiques<\\\/strong> de la plus haute qualit\\u00e9, avec des professionnels excellents et exp\\u00e9riment\\u00e9s, au prestige national et international reconnu, et un niveau technologique exceptionnel. La recherche de l&rsquo;excellence dans chacune de nos comp\\u00e9tences nous a permis d\\u2019accomplir le grand objectif qui nous anime, qui n&rsquo;est autre que l&rsquo;am\\u00e9lioration de la qualit\\u00e9 visuelle de chaque patient que nous traitons. C&rsquo;est pourquoi la satisfaction des milliers de personnes qui sont pass\\u00e9es par notre \\u00e9tabilissement est notre meilleure garantie.<\\\/p>\\n\"}},{\"@type\":\"Question\",\"name\":\"Parce que notre \\u00e9quipe m\\u00e9dical est l'un des meilleurs d'Espagne.\",\"acceptedAnswer\":{\"@type\":\"Answer\",\"text\":\"<p>Depuis le debut de la cr\\u00e9ation de notre clinique, nous affirmons que les meilleurs soins ne peuvent \\u00eatre fournis que par les professionnels les plus remarquables dans chaque sp\\u00e9cialit\\u00e9. C&rsquo;est pourquoi notre projet m\\u00e9dical \\u00e9tait de joindre tout les sp\\u00e9cialistes du plus haut niveau national et international, jusqu&rsquo;\\u00e0 constituer aujourd&rsquo;hui une v\\u00e9ritable \\u00e9quipe de r\\u00eave dans le domaine de l&rsquo;ophtalmologie. Une \\u00e9quipe qui est \\u00e9galement consid\\u00e9r\\u00e9e par la <b>communaut\\u00e9 m\\u00e9dicale comme l&rsquo;une des plus influentes,<\\\/b> gr\\u00e2ce \\u00e0 son travail de recherche continu et au enrechissement constant des connaissances. Et alors que d&rsquo;autres cliniques utilisent le nom d&rsquo;un m\\u00e9decin \\u00ab\\u00a0vedette\\u00a0\\u00bb ou des installations somptueuses, chez Oft\\u00e1lica nous pr\\u00e9f\\u00e9rons opter pour la simplicit\\u00e9, la rigueur professionnelle et un traitement humain. Ce sont nos valeurs. Car pour nous, l&rsquo;ophtalmologie est une vocation, plut\\u00f4t qu&rsquo;un commerce.<\\\/p>\\n\"}},{\"@type\":\"Question\",\"name\":\"Parce que nous ne traitons pas avec des clients, mais avec des personnes.\",\"acceptedAnswer\":{\"@type\":\"Answer\",\"text\":\"<p>Chez Oft\\u00e1lica, nous pensons que la pratique de la m\\u00e9decine n&rsquo;a rien \\u00e0 voir avec une cha\\u00eene de montage. <b>Nous sommes une clinique de taille moyenne, pas une grande entreprise ni une franchise.<\\\/b> Cela nous permet, entre autres, de d\\u00e9signer la plupart de nos patients par leur pr\\u00e9nom et non par un num\\u00e9ro de dossier. Plus important encore, cela nous donne la possibilit\\u00e9 d&rsquo;accorder \\u00e0 chaque personne le temps et l&rsquo;attention dont elle a besoin, afin de comprendre r\\u00e9ellement son probl\\u00e8me et de s&rsquo;adapter \\u00e0 ses besoins r\\u00e9els, non seulement sur le plan m\\u00e9dical, mais aussi sur le plan personnel, et m\\u00eame financier, gr\\u00e2ce \\u00e0 nos canaux de financement personnalis\\u00e9s. Ce n&rsquo;est que de cette mani\\u00e8re que nous avons pu offrir des soins complets et individualis\\u00e9s, fond\\u00e9s sur une \\u00e9coute active et le plus grand respect des valeurs humaines et des droits des patients. Et parce que nous voulons que tous ceux qui nous rendent visite se sentent comme chez eux, nous disposons d&rsquo;un espace pour les enfants, d&rsquo;une grande salle d&rsquo;attente avec audiovisuels et d&rsquo;une zone wi-fi. Et, bien s\\u00fbr, le meilleur de nos sourires.<\\\/p>\\n\"}},{\"@type\":\"Question\",\"name\":\"Parce que nos prix sont \\u00e0 la hauteur de nos services.\",\"acceptedAnswer\":{\"@type\":\"Answer\",\"text\":\"<p>Chez Oft\\u00e1lica, nous pensons que les bonnes affaires sont pour les supermarch\\u00e9s et les grands magasins, pas pour les cliniques C&rsquo;est pourquoi <b>tous nos efforts visent \\u00e0 am\\u00e9liorer les services m\\u00e9dicaux<\\\/b> et de soins de sant\\u00e9 que nous fournissons chaque jour, et non \\u00e0 essayer de r\\u00e9duire les co\\u00fbts en supprimant des services Gr\\u00e2ce \\u00e0 cette philosophie, nous pouvons affirmer que nos prix correspondent exactement \\u00e0 la qualit\\u00e9 de ce que nous offrons, ni plus ni moins. Parce que parfois, le bon march\\u00e9 peut co\\u00fbter tr\\u00e8s cher, et la sant\\u00e9 ne donne pas toujours de seconde chance.<\\\/p>\\n\"}},{\"@type\":\"Question\",\"name\":\"Parce que nous disposons des derni\\u00e8res technologies\",\"acceptedAnswer\":{\"@type\":\"Answer\",\"text\":\"<p>Combien de fois avons-nous entendu l&rsquo;expression \\u00ab\\u00a0tout va si vite maintenant\\u00a0\\u00bb? Chez Oft\\u00e1lica, nous sommes conscients que cette \\u00e9poque exige un effort permanent d&rsquo;adaptation, non seulement en termes de formation continue de notre personnel, mais aussi en termes de renouvellement constant des \\u00e9quipements m\\u00e9dicaux avec lesquels nous travaillons. Nous <b>nous effor\\u00e7ons constamment d&rsquo;investir dans les derni\\u00e8res technologies dont tr\\u00e8s peu de cliniques en Espagne<\\\/b> peuvent se vanter. La preuve en est que nous offrons \\u00e0 nos patients, parmi beaucoup d&rsquo;autres, Topographie, Endoth\\u00e9lial, GDX, Biom\\u00e9trie, unique dans la province d&rsquo;Alicante. Telle a \\u00e9t\\u00e9 notre philosophie jusqu&rsquo;\\u00e0 pr\\u00e9sent et continuera de l&rsquo;\\u00eatre \\u00e0 l&rsquo;avenir. Parce que chez Oft\\u00e1lica, nous pensons que c&rsquo;est seulement en \\u00e9tant \\u00e0 jour que nous pouvons \\u00eatre les premiers \\u00e0 prendre soin de vos yeux.<\\\/p>\\n\"}},{\"@type\":\"Question\",\"name\":\"Pourquoi Oft\\u00e1lica fait la diff\\u00e9rence\",\"acceptedAnswer\":{\"@type\":\"Answer\",\"text\":\"<p>\\u00c0 ce stade, nous pensons avoir r\\u00e9pondu \\u00e0 certaines des questions que nous nous posons tous avant de choisir une clinique d&rsquo;ophtalmologie. Et le fait est que, au-del\\u00e0 des similitudes logiques, il existe de nombreuses fa\\u00e7ons de pratiquer la m\\u00e9decine. La n\\u00f4tre, comme nous l&rsquo;avons d\\u00e9j\\u00e0 dit, a pour principal objectif d&rsquo;offrir \\u00e0 chaque patient le maximum de garanties dans la solution de son probl\\u00e8me. Et pour cela, nous nous appuyons sur trois piliers fondamentaux : <b>une \\u00e9quipe de professionnels du plus haut niveau, une attention personnalis\\u00e9e au maximum et un engagement permanent envers la technologie<\\\/b> de derni\\u00e8re g\\u00e9n\\u00e9ration. Gr\\u00e2ce \\u00e0 cela, nous pouvons dire que nous sommes diff\\u00e9rents des autres. Parce qu&rsquo;Oft\\u00e1lica fait vraiment la diff\\u00e9rence.<span id=\\\"dx_temp_1465901971857_22\\\"><\\\/span><span id=\\\"dx_temp_1465901971857_23\\\"><\\\/span><\\\/p>\\n\"}}]}<\/script>\n\t\t\t\t\t<\/div>\n\t\t\t\t<\/div>\n\t\t\t\t<\/div>\n\t\t\t\t\t<\/div>\n\t\t\t\t<\/div>\n\t\t<div class=\"elementor-element elementor-element-bf82c3f e-con-boxed e-con\" data-id=\"bf82c3f\" data-element_type=\"container\" data-settings=\"{&quot;content_width&quot;:&quot;boxed&quot;}\">\n\t\t\t\t\t<div class=\"e-con-inner\">\n\t\t\t\t<div class=\"elementor-element elementor-element-fc5d6f8 elementor-invisible elementor-widget elementor-widget-heading\" data-id=\"fc5d6f8\" data-element_type=\"widget\" data-settings=\"{&quot;_animation&quot;:&quot;fadeInDown&quot;}\" data-widget_type=\"heading.default\">\n\t\t\t\t<div class=\"elementor-widget-container\">\n\t\t\t<h2 class=\"elementor-heading-title elementor-size-default\">Un peu d'histoire<\/h2>\t\t<\/div>\n\t\t\t\t<\/div>\n\t\t\t\t\t<\/div>\n\t\t\t\t<\/div>\n\t\t<div class=\"elementor-element elementor-element-e3ecceb e-con-boxed e-con\" data-id=\"e3ecceb\" data-element_type=\"container\" data-settings=\"{&quot;content_width&quot;:&quot;boxed&quot;}\">\n\t\t\t\t\t<div class=\"e-con-inner\">\n\t\t<div class=\"elementor-element elementor-element-c5c4c78 e-con-full e-con\" data-id=\"c5c4c78\" data-element_type=\"container\" data-settings=\"{&quot;content_width&quot;:&quot;full&quot;,&quot;background_background&quot;:&quot;classic&quot;}\">\n\t\t\t\t<div class=\"elementor-element elementor-element-c1df147 elementor-widget elementor-widget-text-editor\" data-id=\"c1df147\" data-element_type=\"widget\" data-widget_type=\"text-editor.default\">\n\t\t\t\t<div class=\"elementor-widget-container\">\n\t\t\t\t\t\t\t<p>Oft\u00e1lica est le r\u00e9sultat de la combinaison de plus de 20 ans d&rsquo;exp\u00e9rience en tant qu&rsquo;ophtalmologistes, d&rsquo;enthousiasme et d&rsquo;un engagement ferme en faveur d&rsquo;une ophtalmologie priv\u00e9e de qualit\u00e9 sup\u00e9rieure.<\/p>\n<p>Apr\u00e8s des ann\u00e9es d&rsquo;exp\u00e9rience en ophtalmologie priv\u00e9e, <b>le 15 f\u00e9vrier 2005,<\/b> la clinique a commenc\u00e9 son activit\u00e9, sous la direction de l&rsquo;ophtalmologiste d&rsquo;Alicante, le Dr Enrique Chipont, sp\u00e9cialiste reconnu en ophtalmologie p\u00e9diatrique et en strabisme, avec une formation internationale, qui a planifi\u00e9 le fonctionnement de la clinique pour constituer ce qui est maintenant une r\u00e9alit\u00e9, un centre de r\u00e9f\u00e9rence national en strabisme et en ophtalmologie p\u00e9diatrique.<\/p>\n<p>Le mod\u00e8le op\u00e9rationnel repose depuis le d\u00e9but sur <b><u>4 piliers fondamentaux:<\/u><\/b><\/p>\n<ul>\n<li>Une attention personnalis\u00e9e.<\/li>\n<li>Niveau maximal dans la formation des professionnels.<\/li>\n<li>Engagement envers les technologies de pointe.<\/li>\n<li>Enseignement et recherche.<\/li>\n<\/ul>\n\t\t\t\t\t\t<\/div>\n\t\t\t\t<\/div>\n\t\t\t\t<\/div>\n\t\t<div class=\"elementor-element elementor-element-b248365 e-con-full e-con\" data-id=\"b248365\" data-element_type=\"container\" data-settings=\"{&quot;content_width&quot;:&quot;full&quot;,&quot;background_background&quot;:&quot;classic&quot;}\" data-e-bg-lazyload=\"\">\n\t\t\t\t<\/div>\n\t\t\t\t\t<\/div>\n\t\t\t\t<\/div>\n\t\t<div class=\"elementor-element elementor-element-9ef5f2d e-con-boxed e-con\" data-id=\"9ef5f2d\" data-element_type=\"container\" data-settings=\"{&quot;content_width&quot;:&quot;boxed&quot;}\">\n\t\t\t\t\t<div class=\"e-con-inner\">\n\t\t<div class=\"elementor-element elementor-element-3c8db28 e-con-full elementor-invisible e-con\" data-id=\"3c8db28\" data-element_type=\"container\" data-settings=\"{&quot;content_width&quot;:&quot;full&quot;,&quot;background_background&quot;:&quot;classic&quot;,&quot;animation&quot;:&quot;fadeInUp&quot;}\" data-e-bg-lazyload=\"\">\n\t\t\t\t<\/div>\n\t\t<div class=\"elementor-element elementor-element-2d55bdb e-con-full elementor-invisible e-con\" data-id=\"2d55bdb\" data-element_type=\"container\" data-settings=\"{&quot;content_width&quot;:&quot;full&quot;,&quot;background_background&quot;:&quot;classic&quot;,&quot;animation&quot;:&quot;fadeInRight&quot;}\">\n\t\t\t\t<div class=\"elementor-element elementor-element-4722d64 elementor-widget elementor-widget-text-editor\" data-id=\"4722d64\" data-element_type=\"widget\" data-widget_type=\"text-editor.default\">\n\t\t\t\t<div class=\"elementor-widget-container\">\n\t\t\t\t\t\t\t<div class=\"animated fadeIn responsive1\">\n<p>Suivant les m\u00eames crit\u00e8res, les autres sections de la clinique ont \u00e9t\u00e9 d\u00e9velopp\u00e9es presque en parall\u00e8le, faisant d&rsquo;Oft\u00e1lica, aujourd&rsquo;hui, un <strong>centre multidisciplinaire<\/strong> qui permet le traitement de toute pathologie oculaire chez l&rsquo;adulte :<\/p>\n<ul>\n<li>Sections de la r\u00e9tine.<\/li>\n<li>Chirurgie plastie oculaire.<\/li>\n<li>La chirurgie r\u00e9fractive.<\/li>\n<li><strong style=\"color: var( --e-global-color-text ); font-family: var( --e-global-typography-text-font-family ), Sans-serif; font-size: var( --e-global-typography-text-font-size ); font-style: var( --e-global-typography-text-font-style ); text-transform: var( --e-global-typography-text-text-transform ); background-color: var( --e-global-color-78b53a2 ); letter-spacing: 0px;\">Glaucome<\/strong><\/li>\n<\/ul>\n<p><span style=\"color: var( --e-global-color-text ); font-family: var( --e-global-typography-text-font-family ), Sans-serif; font-size: var( --e-global-typography-text-font-size ); font-style: var( --e-global-typography-text-font-style ); font-weight: var( --e-global-typography-text-font-weight ); text-transform: var( --e-global-typography-text-text-transform ); background-color: var( --e-global-color-78b53a2 ); letter-spacing: 0px;\">Ce dernier point est un engagement tr\u00e8s important de la clinique qui a beaucoup investi dans ce domaine et qui dispose de lasers sp\u00e9cifiques pour le traitement de cette maladie et d&rsquo;une ligne de recherche sur les implants chirurgicaux pour faire baisser la pression oculaire.<\/span><\/p>\n<p>C&rsquo;est ce qu&rsquo;est Oft\u00e1lica aujourd&rsquo;hui, un <strong>centre de soins ophtalmologiques de la plus haute qualit\u00e9<\/strong>, avec d&rsquo;excellents professionnels dot\u00e9s d&rsquo;une grande exp\u00e9rience et un niveau exceptionnel de technologie permettant le diagnostic et le traitement de toute pathologie oculaire chez les enfants et les adultes.<\/p>\n<\/div>\n\t\t\t\t\t\t<\/div>\n\t\t\t\t<\/div>\n\t\t\t\t<\/div>\n\t\t\t\t\t<\/div>\n\t\t\t\t<\/div>\n\t\t\t\t\t\t\t<\/div>\n\t\t","protected":false},"excerpt":{"rendered":"<p>Le Dr Enrique Chipont dirige un groupe de professionnels ayant une grande exp\u00e9rience dans le traitement des maladies oculaires des enfants. Nous disposons d&rsquo;une technologie de pointe pour le diagnostic des probl\u00e8mes r\u00e9tiniens associ\u00e9s \u00e0 une vision r\u00e9duite chez l&rsquo;enfant et de lignes de recherche sur l&rsquo;amblyopie et le nystagmus. Un autre axe de travail [&hellip;]<\/p>\n","protected":false},"author":1,"featured_media":0,"parent":0,"menu_order":0,"comment_status":"closed","ping_status":"closed","template":"page-templates\/fullwidth-content.php","meta":{"footnotes":""},"class_list":["post-3393","page","type-page","status-publish","hentry"],"_links":{"self":[{"href":"https:\/\/www.oftalica.com\/fr\/wp-json\/wp\/v2\/pages\/3393","targetHints":{"allow":["GET"]}}],"collection":[{"href":"https:\/\/www.oftalica.com\/fr\/wp-json\/wp\/v2\/pages"}],"about":[{"href":"https:\/\/www.oftalica.com\/fr\/wp-json\/wp\/v2\/types\/page"}],"author":[{"embeddable":true,"href":"https:\/\/www.oftalica.com\/fr\/wp-json\/wp\/v2\/users\/1"}],"replies":[{"embeddable":true,"href":"https:\/\/www.oftalica.com\/fr\/wp-json\/wp\/v2\/comments?post=3393"}],"version-history":[{"count":1,"href":"https:\/\/www.oftalica.com\/fr\/wp-json\/wp\/v2\/pages\/3393\/revisions"}],"predecessor-version":[{"id":6296,"href":"https:\/\/www.oftalica.com\/fr\/wp-json\/wp\/v2\/pages\/3393\/revisions\/6296"}],"wp:attachment":[{"href":"https:\/\/www.oftalica.com\/fr\/wp-json\/wp\/v2\/media?parent=3393"}],"curies":[{"name":"wp","href":"https:\/\/api.w.org\/{rel}","templated":true}]}}